{"id":2038,"date":"2014-03-30T20:55:41","date_gmt":"2014-03-30T18:55:41","guid":{"rendered":"http:\/\/themenectar.com\/demo\/salient-frostwave\/?page_id=2038"},"modified":"2023-07-21T09:46:31","modified_gmt":"2023-07-21T07:46:31","slug":"blog-masonry-sidebar","status":"publish","type":"page","link":"https:\/\/ston-dvor.com\/en\/blog-masonry-sidebar\/","title":{"rendered":"Blog Masonry Sidebar"},"content":{"rendered":"<div class=\"row\">\n\n <div class=\"post-area col  span_9 masonry auto_meta_overlaid_spaced\" data-ams=\"\" data-remove-post-date=\"\" data-remove-post-author=\"\" data-remove-post-comment-number=\"\" data-remove-post-nectar-love=\"\"> <div class=\"posts-container\" data-load-animation=\"none\">     \n     \n<article id=\"post-4493\" class=\"masonry-blog-item post-4493 post type-post status-publish format-standard has-post-thumbnail category-novosti\">  \n    \n  <div class=\"inner-wrap animated\">\n    \n    <div class=\"post-content\">\n\n      <div class=\"content-inner\">\n        \n        <a class=\"entire-meta-link\" href=\"https:\/\/ston-dvor.com\/en\/2024\/05\/23\/medunarodna-izlozba-euharistijska-cuda-diljem-svijeta-u-knezevom-dvoru-u-stonu\/\" aria-label=\"Me\u0111unarodna izlo\u017eba \u201eEuharistijska \u010duda diljem svijeta\u201c u Kne\u017eevom dvoru u Stonu\"><\/a>\n        \n        <span class=\"post-featured-img\"><img loading=\"lazy\" decoding=\"async\" width=\"800\" height=\"800\" src=\"https:\/\/ston-dvor.com\/wp-content\/uploads\/2023\/11\/ston_maketa-800x800.webp\" class=\"attachment-medium_featured size-medium_featured skip-lazy wp-post-image\" alt=\"\" title=\"\" sizes=\"auto, (min-width: 690px) 50vw, 100vw\" srcset=\"https:\/\/ston-dvor.com\/wp-content\/uploads\/2023\/11\/ston_maketa-800x800.webp 800w, https:\/\/ston-dvor.com\/wp-content\/uploads\/2023\/11\/ston_maketa-150x150.webp 150w, https:\/\/ston-dvor.com\/wp-content\/uploads\/2023\/11\/ston_maketa-100x100.webp 100w, https:\/\/ston-dvor.com\/wp-content\/uploads\/2023\/11\/ston_maketa-140x140.webp 140w, https:\/\/ston-dvor.com\/wp-content\/uploads\/2023\/11\/ston_maketa-500x500.webp 500w, https:\/\/ston-dvor.com\/wp-content\/uploads\/2023\/11\/ston_maketa-350x350.webp 350w, https:\/\/ston-dvor.com\/wp-content\/uploads\/2023\/11\/ston_maketa-1000x1000.webp 1000w\" \/><\/span>        \n        <div class=\"article-content-wrap\">\n          \n          <span class=\"meta-category\"><a class=\"novosti\" href=\"https:\/\/ston-dvor.com\/en\/category\/novosti\/\">NEWS<\/a><\/span>          \n          <div class=\"post-header\">\n            <h3 class=\"title\"><a href=\"https:\/\/ston-dvor.com\/en\/2024\/05\/23\/medunarodna-izlozba-euharistijska-cuda-diljem-svijeta-u-knezevom-dvoru-u-stonu\/\"> Me\u0111unarodna izlo\u017eba \u201eEuharistijska \u010duda diljem svijeta\u201c u Kne\u017eevom dvoru u Stonu<\/a><\/h3>\n                      <\/div>\n          \n        <\/div><!--article-content-wrap-->\n        \n      <\/div><!--\/content-inner-->\n        \n    <\/div><!--\/post-content-->\n      \n  <\/div><!--\/inner-wrap-->\n    \n<\/article>     \n     \n<article id=\"post-4489\" class=\"masonry-blog-item post-4489 post type-post status-publish format-standard has-post-thumbnail category-novosti\">  \n    \n  <div class=\"inner-wrap animated\">\n    \n    <div class=\"post-content\">\n\n      <div class=\"content-inner\">\n        \n        <a class=\"entire-meta-link\" href=\"https:\/\/ston-dvor.com\/en\/2024\/05\/23\/odrzan-tecaj-na-temu-pretilost-u-endokrinologiji-u-knezevom-dvoru\/\" aria-label=\"Odr\u017ean te\u010daj na temu \u201ePretilost u endokrinologiji&#8221; u Kne\u017eevom dvoru\"><\/a>\n        \n        <span class=\"post-featured-img\"><img loading=\"lazy\" decoding=\"async\" width=\"800\" height=\"647\" src=\"https:\/\/ston-dvor.com\/wp-content\/uploads\/2023\/07\/chairs-2593531_1280x-800x647.jpg\" class=\"attachment-medium_featured size-medium_featured skip-lazy wp-post-image\" alt=\"\" title=\"\" sizes=\"auto, (min-width: 690px) 50vw, 100vw\" \/><\/span>        \n        <div class=\"article-content-wrap\">\n          \n          <span class=\"meta-category\"><a class=\"novosti\" href=\"https:\/\/ston-dvor.com\/en\/category\/novosti\/\">NEWS<\/a><\/span>          \n          <div class=\"post-header\">\n            <h3 class=\"title\"><a href=\"https:\/\/ston-dvor.com\/en\/2024\/05\/23\/odrzan-tecaj-na-temu-pretilost-u-endokrinologiji-u-knezevom-dvoru\/\"> Odr\u017ean te\u010daj na temu \u201ePretilost u endokrinologiji&#8221; u Kne\u017eevom dvoru<\/a><\/h3>\n                      <\/div>\n          \n        <\/div><!--article-content-wrap-->\n        \n      <\/div><!--\/content-inner-->\n        \n    <\/div><!--\/post-content-->\n      \n  <\/div><!--\/inner-wrap-->\n    \n<\/article>     \n     \n<article id=\"post-4474\" class=\"masonry-blog-item post-4474 post type-post status-publish format-standard has-post-thumbnail category-novosti tag-grapeston tag-knezev-dvor tag-ston tag-vino\">  \n    \n  <div class=\"inner-wrap animated\">\n    \n    <div class=\"post-content\">\n\n      <div class=\"content-inner\">\n        \n        <a class=\"entire-meta-link\" href=\"https:\/\/ston-dvor.com\/en\/2024\/04\/05\/prirodna-vina-u-fokusu-prvi-grapeston-festival-dolazi-u-ston\/\" aria-label=\"Prirodna Vina u Fokusu: Prvi GrapeSton Festival dolazi u Ston!\"><\/a>\n        \n        <span class=\"post-featured-img\"><img loading=\"lazy\" decoding=\"async\" width=\"800\" height=\"800\" src=\"https:\/\/ston-dvor.com\/wp-content\/uploads\/2013\/02\/1280X853-800x800.png\" class=\"attachment-medium_featured size-medium_featured skip-lazy wp-post-image\" alt=\"\" title=\"\" sizes=\"auto, (min-width: 690px) 50vw, 100vw\" srcset=\"https:\/\/ston-dvor.com\/wp-content\/uploads\/2013\/02\/1280X853-800x800.png 800w, https:\/\/ston-dvor.com\/wp-content\/uploads\/2013\/02\/1280X853-150x150.png 150w, https:\/\/ston-dvor.com\/wp-content\/uploads\/2013\/02\/1280X853-100x100.png 100w, https:\/\/ston-dvor.com\/wp-content\/uploads\/2013\/02\/1280X853-140x140.png 140w, https:\/\/ston-dvor.com\/wp-content\/uploads\/2013\/02\/1280X853-500x500.png 500w, https:\/\/ston-dvor.com\/wp-content\/uploads\/2013\/02\/1280X853-350x350.png 350w\" \/><\/span>        \n        <div class=\"article-content-wrap\">\n          \n          <span class=\"meta-category\"><a class=\"novosti\" href=\"https:\/\/ston-dvor.com\/en\/category\/novosti\/\">NEWS<\/a><\/span>          \n          <div class=\"post-header\">\n            <h3 class=\"title\"><a href=\"https:\/\/ston-dvor.com\/en\/2024\/04\/05\/prirodna-vina-u-fokusu-prvi-grapeston-festival-dolazi-u-ston\/\"> Prirodna Vina u Fokusu: Prvi GrapeSton Festival dolazi u Ston!<\/a><\/h3>\n                      <\/div>\n          \n        <\/div><!--article-content-wrap-->\n        \n      <\/div><!--\/content-inner-->\n        \n    <\/div><!--\/post-content-->\n      \n  <\/div><!--\/inner-wrap-->\n    \n<\/article>     \n     \n<article id=\"post-3267\" class=\"masonry-blog-item post-3267 post type-post status-publish format-standard has-post-thumbnail category-novosti\">  \n    \n  <div class=\"inner-wrap animated\">\n    \n    <div class=\"post-content\">\n\n      <div class=\"content-inner\">\n        \n        <a class=\"entire-meta-link\" href=\"https:\/\/ston-dvor.com\/en\/2023\/08\/04\/uskoro-se-otvara-dvor\/\" aria-label=\"New outfit of the Rector&#039;s Palace in Ston: Presentation Center &quot;Dvor&quot; opened.\"><\/a>\n        \n        <span class=\"post-featured-img\"><img loading=\"lazy\" decoding=\"async\" width=\"800\" height=\"800\" src=\"https:\/\/ston-dvor.com\/wp-content\/uploads\/2024\/06\/STON_prozor-800x800.webp\" class=\"attachment-medium_featured size-medium_featured skip-lazy wp-post-image\" alt=\"\" title=\"\" sizes=\"auto, (min-width: 690px) 50vw, 100vw\" srcset=\"https:\/\/ston-dvor.com\/wp-content\/uploads\/2024\/06\/STON_prozor-800x800.webp 800w, https:\/\/ston-dvor.com\/wp-content\/uploads\/2024\/06\/STON_prozor-150x150.webp 150w, https:\/\/ston-dvor.com\/wp-content\/uploads\/2024\/06\/STON_prozor-100x100.webp 100w, https:\/\/ston-dvor.com\/wp-content\/uploads\/2024\/06\/STON_prozor-140x140.webp 140w, https:\/\/ston-dvor.com\/wp-content\/uploads\/2024\/06\/STON_prozor-500x500.webp 500w, https:\/\/ston-dvor.com\/wp-content\/uploads\/2024\/06\/STON_prozor-350x350.webp 350w, https:\/\/ston-dvor.com\/wp-content\/uploads\/2024\/06\/STON_prozor-1000x1000.webp 1000w\" \/><\/span>        \n        <div class=\"article-content-wrap\">\n          \n          <span class=\"meta-category\"><a class=\"novosti\" href=\"https:\/\/ston-dvor.com\/en\/category\/novosti\/\">NEWS<\/a><\/span>          \n          <div class=\"post-header\">\n            <h3 class=\"title\"><a href=\"https:\/\/ston-dvor.com\/en\/2023\/08\/04\/uskoro-se-otvara-dvor\/\"> New outfit of the Rector's Palace in Ston: Presentation Center \"Dvor\" opened.<\/a><\/h3>\n                      <\/div>\n          \n        <\/div><!--article-content-wrap-->\n        \n      <\/div><!--\/content-inner-->\n        \n    <\/div><!--\/post-content-->\n      \n  <\/div><!--\/inner-wrap-->\n    \n<\/article>     \n     \n<article id=\"post-4376\" class=\"masonry-blog-item post-4376 post type-post status-publish format-standard has-post-thumbnail category-novosti\">  \n    \n  <div class=\"inner-wrap animated\">\n    \n    <div class=\"post-content\">\n\n      <div class=\"content-inner\">\n        \n        <a class=\"entire-meta-link\" href=\"https:\/\/ston-dvor.com\/en\/2023\/08\/03\/iz-medija-konavle-peljesac-i-dolina-neretve-reprezenti-su-autohtone-kuhinje-jug-vonja-na-kamenice-menestru-i-brudet\/\" aria-label=\"[FROM THE MEDIA] Konavle, Pelje\u0161ac, and the Neretva Valley are representatives of authentic cuisine. The south exudes the scent of oysters, minestrone, and fish stew.\"><\/a>\n        \n        <span class=\"post-featured-img\"><img loading=\"lazy\" decoding=\"async\" width=\"800\" height=\"798\" src=\"https:\/\/ston-dvor.com\/wp-content\/uploads\/2023\/08\/naslovna_15-800x798.jpg\" class=\"attachment-medium_featured size-medium_featured skip-lazy wp-post-image\" alt=\"\" title=\"\" sizes=\"auto, (min-width: 690px) 50vw, 100vw\" srcset=\"https:\/\/ston-dvor.com\/wp-content\/uploads\/2023\/08\/naslovna_15-800x798.jpg 800w, https:\/\/ston-dvor.com\/wp-content\/uploads\/2023\/08\/naslovna_15-150x150.jpg 150w, https:\/\/ston-dvor.com\/wp-content\/uploads\/2023\/08\/naslovna_15-100x100.jpg 100w, https:\/\/ston-dvor.com\/wp-content\/uploads\/2023\/08\/naslovna_15-140x140.jpg 140w, https:\/\/ston-dvor.com\/wp-content\/uploads\/2023\/08\/naslovna_15-500x500.jpg 500w, https:\/\/ston-dvor.com\/wp-content\/uploads\/2023\/08\/naslovna_15-350x350.jpg 350w\" \/><\/span>        \n        <div class=\"article-content-wrap\">\n          \n          <span class=\"meta-category\"><a class=\"novosti\" href=\"https:\/\/ston-dvor.com\/en\/category\/novosti\/\">NEWS<\/a><\/span>          \n          <div class=\"post-header\">\n            <h3 class=\"title\"><a href=\"https:\/\/ston-dvor.com\/en\/2023\/08\/03\/iz-medija-konavle-peljesac-i-dolina-neretve-reprezenti-su-autohtone-kuhinje-jug-vonja-na-kamenice-menestru-i-brudet\/\"> [FROM THE MEDIA] Konavle, Pelje\u0161ac, and the Neretva Valley are representatives of authentic cuisine. The south exudes the scent of oysters, minestrone, and fish stew.<\/a><\/h3>\n                      <\/div>\n          \n        <\/div><!--article-content-wrap-->\n        \n      <\/div><!--\/content-inner-->\n        \n    <\/div><!--\/post-content-->\n      \n  <\/div><!--\/inner-wrap-->\n    \n<\/article>     \n     \n<article id=\"post-4245\" class=\"masonry-blog-item post-4245 post type-post status-publish format-standard has-post-thumbnail category-novosti\">  \n    \n  <div class=\"inner-wrap animated\">\n    \n    <div class=\"post-content\">\n\n      <div class=\"content-inner\">\n        \n        <a class=\"entire-meta-link\" href=\"https:\/\/ston-dvor.com\/en\/2023\/04\/21\/ugovori-s-izvodacem-na-projektu-interpretacijskog-centra-u-stonu\/\" aria-label=\"[FROM THE MEDIA] Contracts with the Contractor for the Interpretation Center Project in Ston\"><\/a>\n        \n        <span class=\"post-featured-img\"><img loading=\"lazy\" decoding=\"async\" width=\"800\" height=\"540\" src=\"https:\/\/ston-dvor.com\/wp-content\/uploads\/2023\/07\/naslovna_8-800x540.jpeg\" class=\"attachment-medium_featured size-medium_featured skip-lazy wp-post-image\" alt=\"\" title=\"\" sizes=\"auto, (min-width: 690px) 50vw, 100vw\" srcset=\"https:\/\/ston-dvor.com\/wp-content\/uploads\/2023\/07\/naslovna_8-800x540.jpeg 800w, https:\/\/ston-dvor.com\/wp-content\/uploads\/2023\/07\/naslovna_8-400x269.jpeg 400w\" \/><\/span>        \n        <div class=\"article-content-wrap\">\n          \n          <span class=\"meta-category\"><a class=\"novosti\" href=\"https:\/\/ston-dvor.com\/en\/category\/novosti\/\">NEWS<\/a><\/span>          \n          <div class=\"post-header\">\n            <h3 class=\"title\"><a href=\"https:\/\/ston-dvor.com\/en\/2023\/04\/21\/ugovori-s-izvodacem-na-projektu-interpretacijskog-centra-u-stonu\/\"> [FROM THE MEDIA] Contracts with the Contractor for the Interpretation Center Project in Ston<\/a><\/h3>\n                      <\/div>\n          \n        <\/div><!--article-content-wrap-->\n        \n      <\/div><!--\/content-inner-->\n        \n    <\/div><!--\/post-content-->\n      \n  <\/div><!--\/inner-wrap-->\n    \n<\/article>    \n    <\/div><!--\/posts container-->\n    \n    <div id=\"pagination\" data-is-text=\"All items loaded\"><span aria-current=\"page\" class=\"page-numbers current\">1<\/span>\n<a class=\"page-numbers\" href=\"https:\/\/ston-dvor.com\/en\/wp-json\/wp\/v2\/pages\/2038\/page\/2\/\">2<\/a>\n<a class=\"page-numbers\" href=\"https:\/\/ston-dvor.com\/en\/wp-json\/wp\/v2\/pages\/2038\/page\/3\/\">3<\/a>\n<a class=\"next page-numbers\" href=\"https:\/\/ston-dvor.com\/en\/wp-json\/wp\/v2\/pages\/2038\/page\/2\/\">Next &raquo;<\/a><\/div>  \n<\/div><!--\/post area-->\n\n  \n  <div id=\"sidebar\" data-nectar-ss=\"\" class=\"col span_3 col_last\">\n    <div id=\"block-7\" class=\"widget widget_block widget_media_image\">\n<figure class=\"wp-block-image size-full\"><img decoding=\"async\" src=\"https:\/\/ston-dvor.com\/wp-content\/uploads\/2023\/06\/dvor.jpg\" alt=\"\" class=\"wp-image-22\"\/><\/figure>\n<\/div><div id=\"text-2\" class=\"widget widget_text\"><h4>About Salient<\/h4>\t\t\t<div class=\"textwidget\">Lorem ipsum dolor sit amet, consectetur elit porta. Vestibulum ante justo, volutpat quis porta non, vulputate id diam. Lorem et ipsum dolor sit amet, consectetur adipiscing elit. Morbi vitae sem in massa sagittis.<\/div>\n\t\t<\/div>\n\t\t<div id=\"recent-posts-1\" class=\"widget widget_recent_entries\">\n\t\t<h4>Recent Posts<\/h4>\n\t\t<ul>\n\t\t\t\t\t\t\t\t\t\t\t<li>\n\t\t\t\t\t<a href=\"https:\/\/ston-dvor.com\/en\/2024\/05\/23\/medunarodna-izlozba-euharistijska-cuda-diljem-svijeta-u-knezevom-dvoru-u-stonu\/\">Me\u0111unarodna izlo\u017eba \u201eEuharistijska \u010duda diljem svijeta\u201c u Kne\u017eevom dvoru u Stonu<\/a>\n\t\t\t\t\t\t\t\t\t\t\t<span class=\"post-date\">23\/05\/2024<\/span>\n\t\t\t\t\t\t\t\t\t<\/li>\n\t\t\t\t\t\t\t\t\t\t\t<li>\n\t\t\t\t\t<a href=\"https:\/\/ston-dvor.com\/en\/2024\/05\/23\/odrzan-tecaj-na-temu-pretilost-u-endokrinologiji-u-knezevom-dvoru\/\">Odr\u017ean te\u010daj na temu \u201ePretilost u endokrinologiji&#8221; u Kne\u017eevom dvoru<\/a>\n\t\t\t\t\t\t\t\t\t\t\t<span class=\"post-date\">23\/05\/2024<\/span>\n\t\t\t\t\t\t\t\t\t<\/li>\n\t\t\t\t\t\t\t\t\t\t\t<li>\n\t\t\t\t\t<a href=\"https:\/\/ston-dvor.com\/en\/2024\/04\/05\/prirodna-vina-u-fokusu-prvi-grapeston-festival-dolazi-u-ston\/\">Prirodna Vina u Fokusu: Prvi GrapeSton Festival dolazi u Ston!<\/a>\n\t\t\t\t\t\t\t\t\t\t\t<span class=\"post-date\">05\/04\/2024<\/span>\n\t\t\t\t\t\t\t\t\t<\/li>\n\t\t\t\t\t\t\t\t\t\t\t<li>\n\t\t\t\t\t<a href=\"https:\/\/ston-dvor.com\/en\/2023\/08\/04\/uskoro-se-otvara-dvor\/\">New outfit of the Rector's Palace in Ston: Presentation Center \"Dvor\" opened.<\/a>\n\t\t\t\t\t\t\t\t\t\t\t<span class=\"post-date\">04\/08\/2023<\/span>\n\t\t\t\t\t\t\t\t\t<\/li>\n\t\t\t\t\t\t\t\t\t\t\t<li>\n\t\t\t\t\t<a href=\"https:\/\/ston-dvor.com\/en\/2023\/08\/03\/iz-medija-konavle-peljesac-i-dolina-neretve-reprezenti-su-autohtone-kuhinje-jug-vonja-na-kamenice-menestru-i-brudet\/\">[FROM THE MEDIA] Konavle, Pelje\u0161ac, and the Neretva Valley are representatives of authentic cuisine. The south exudes the scent of oysters, minestrone, and fish stew.<\/a>\n\t\t\t\t\t\t\t\t\t\t\t<span class=\"post-date\">03\/08\/2023<\/span>\n\t\t\t\t\t\t\t\t\t<\/li>\n\t\t\t\t\t<\/ul>\n\n\t\t<\/div><div id=\"archives-1\" class=\"widget widget_archive\"><h4>Archives<\/h4>\n\t\t\t<ul>\n\t\t\t\t\t<li><a href='https:\/\/ston-dvor.com\/en\/2024\/05\/'>May 2024<\/a><\/li>\n\t<li><a href='https:\/\/ston-dvor.com\/en\/2024\/04\/'>April 2024<\/a><\/li>\n\t<li><a href='https:\/\/ston-dvor.com\/en\/2023\/08\/'>August 2023<\/a><\/li>\n\t<li><a href='https:\/\/ston-dvor.com\/en\/2023\/04\/'>April 2023<\/a><\/li>\n\t<li><a href='https:\/\/ston-dvor.com\/en\/2022\/09\/'>September 2022<\/a><\/li>\n\t<li><a href='https:\/\/ston-dvor.com\/en\/2022\/05\/'>May 2022<\/a><\/li>\n\t<li><a href='https:\/\/ston-dvor.com\/en\/2021\/06\/'>June 2021<\/a><\/li>\n\t<li><a href='https:\/\/ston-dvor.com\/en\/2021\/03\/'>March 2021<\/a><\/li>\n\t<li><a href='https:\/\/ston-dvor.com\/en\/2021\/02\/'>February 2021<\/a><\/li>\n\t<li><a href='https:\/\/ston-dvor.com\/en\/2019\/06\/'>June 2019<\/a><\/li>\n\t<li><a href='https:\/\/ston-dvor.com\/en\/2017\/06\/'>June 2017<\/a><\/li>\n\t<li><a href='https:\/\/ston-dvor.com\/en\/2013\/08\/'>August 2013<\/a><\/li>\n\t<li><a href='https:\/\/ston-dvor.com\/en\/2012\/08\/'>August 2012<\/a><\/li>\n\t\t\t<\/ul>\n\n\t\t\t<\/div><div id=\"categories-2\" class=\"widget widget_categories\"><h4>Categories<\/h4>\n\t\t\t<ul>\n\t\t\t\t\t<li class=\"cat-item cat-item-75\"><a href=\"https:\/\/ston-dvor.com\/en\/category\/novosti\/\">NEWS<\/a>\n<\/li>\n\t\t\t<\/ul>\n\n\t\t\t<\/div>  <\/div><!--\/span_3-->\n \n<\/div>","protected":false},"excerpt":{"rendered":"Kne\u017eev dvor u Stonu osmi\u0161ljen je kao interpretacijski centar koji treba pridonijeti o\u010duvanju, valorizaciji i promociji prirodne i kulturne ba\u0161tine Stona i Pelje\u0161ca, posebno one vezane za proizvodnju i poslu\u017eivanje...","protected":false},"author":5,"featured_media":0,"parent":0,"menu_order":14,"comment_status":"open","ping_status":"closed","template":"","meta":{"footnotes":""},"class_list":["post-2038","page","type-page","status-publish"],"_links":{"self":[{"href":"https:\/\/ston-dvor.com\/en\/wp-json\/wp\/v2\/pages\/2038","targetHints":{"allow":["GET"]}}],"collection":[{"href":"https:\/\/ston-dvor.com\/en\/wp-json\/wp\/v2\/pages"}],"about":[{"href":"https:\/\/ston-dvor.com\/en\/wp-json\/wp\/v2\/types\/page"}],"author":[{"embeddable":true,"href":"https:\/\/ston-dvor.com\/en\/wp-json\/wp\/v2\/users\/5"}],"replies":[{"embeddable":true,"href":"https:\/\/ston-dvor.com\/en\/wp-json\/wp\/v2\/comments?post=2038"}],"version-history":[{"count":2,"href":"https:\/\/ston-dvor.com\/en\/wp-json\/wp\/v2\/pages\/2038\/revisions"}],"predecessor-version":[{"id":4272,"href":"https:\/\/ston-dvor.com\/en\/wp-json\/wp\/v2\/pages\/2038\/revisions\/4272"}],"wp:attachment":[{"href":"https:\/\/ston-dvor.com\/en\/wp-json\/wp\/v2\/media?parent=2038"}],"curies":[{"name":"wp","href":"https:\/\/api.w.org\/{rel}","templated":true}]}}